{"id":22067,"date":"2026-08-03T09:04:02","date_gmt":"2026-08-03T13:04:02","guid":{"rendered":"https:\/\/rinconhouse.com.ve\/es_es\/?post_type=property&#038;p=22067"},"modified":"2026-08-03T09:04:02","modified_gmt":"2026-08-03T13:04:02","slug":"se-alquila-habitacion-amoblada-en-san-ignacio-2","status":"publish","type":"property","link":"https:\/\/rinconhouse.com.ve\/es_es\/property\/se-alquila-habitacion-amoblada-en-san-ignacio-2\/","title":{"rendered":"SE ALQUILA HABITACI\u00d3N AMOBLADA EN SAN IGNACIO"},"content":{"rendered":"<p>Habitaci\u00f3n amoblada en alquiler! se encuentra ubicada en San Ignacio<\/p>\n<p>Consta de 15 mtrs2<\/p>\n<p>Cuenta con:<br \/>\nBa\u00f1o particular<br \/>\nCloset<br \/>\nCama matrimonial<br \/>\nAire Acondicionado<br \/>\nCocina compartida<br \/>\nArea de lavander\u00eda compartida<br \/>\n1 puesto para moto<\/p>\n<p>Negociaci\u00f3n<\/p>\n<p>2 Meses de Dep\u00f3sito<br \/>\n1 Mes de Comisi\u00f3n.<br \/>\n80$ contrato<\/p>\n<p>Canon de arrendamiento 90$ persona sola<br \/>\nPareja 130$<\/p>\n<p>Cont\u00e1ctame para m\u00e1s informaci\u00f3n y agendar tu visita.<\/p>\n<p><!--\/data\/user\/0\/com.samsung.android.app.notes\/files\/clipdata\/clipdata_bodytext_260730_111341_386.sdocx--><\/p>\n","protected":false},"excerpt":{"rendered":"<p>Habitaci\u00f3n amoblada en alquiler! se encuentra ubicada en San Ignacio Consta de 15 mtrs2 Cuenta con: Ba\u00f1o particular Closet Cama matrimonial Aire Acondicionado Cocina compartida Area de lavander\u00eda compartida 1 puesto para moto Negociaci\u00f3n 2 Meses de Dep\u00f3sito 1 Mes de Comisi\u00f3n. 80$ contrato Canon de arrendamiento 90$ persona sola Pareja 130$ Cont\u00e1ctame para m\u00e1s [&hellip;]<\/p>\n","protected":false},"author":17,"featured_media":22058,"parent":0,"menu_order":0,"template":"","property_type":[138],"property_status":[31],"property_feature":[13,37,104,121,120,38,28,52,122],"property_label":[101],"property_country":[66],"property_state":[91],"property_city":[25],"property_area":[],"class_list":["post-22067","property","type-property","status-publish","has-post-thumbnail","hentry","property_type-habitacion","property_status-alquiler","property_feature-aire-acondicionado","property_feature-area-de-lavanderia","property_feature-cancha-deportiva","property_feature-centro-de-salud","property_feature-centros-comerciales","property_feature-cocina","property_feature-lavandero","property_feature-patio","property_feature-transporte-publico","property_label-habitable","property_country-venezuela","property_state-municipio-girardot","property_city-maracay"],"property_meta":{"fave_property_bathrooms":["1"],"fave_property_bedrooms":["1"],"fave_property_size":["15"],"fave_property_land":["15"],"fave_property_garage":["1"],"fave_property_year":["20"],"fave_property_price":["90"],"fave_property_price_placeholder":[""],"fave_property_price_postfix":["90"],"fave_show_price_placeholder":["0"],"additional_features":[""],"floor_plans":[""],"fave_multi_units":[""],"fave_featured":["0"],"houzez_featured_listing_date":[""],"fave_video_url":[""],"fave_property_images":["22058","22060","22061","22062","22063","22064","22065","22066"],"_thumbnail_id":["22058"],"fave_property_zip":[""],"fave_property_map_address":["Barrio San Ignacio, Maracay"],"fave_property_address":["Barrio San Ignacio, Maracay"],"houzez_geolocation_lat":[""],"houzez_geolocation_long":[""],"fave_property_location":[","],"fave_property_map":["1"],"fave_property_map_street_view":[null],"fave_property_id":[""],"fave_private_note":[""],"fave_payment_status":["not_paid"],"fave_agent_display_option":["agent_info"],"fave_agents":["18587"],"fave_mortgage_cal":["0"],"_yoast_indexnow_last_ping":["1785762243"],"houzez_total_property_views":["18"],"houzez_views_by_date":["a:11:{s:10:\"08-03-2026\";i:2;s:10:\"08-04-2026\";i:2;s:10:\"08-07-2026\";i:4;s:10:\"08-09-2026\";i:1;s:10:\"08-11-2026\";i:3;s:10:\"08-12-2026\";i:1;s:10:\"08-15-2026\";i:1;s:10:\"08-26-2026\";i:1;s:10:\"08-27-2026\";i:1;s:10:\"09-01-2026\";i:1;s:10:\"09-02-2026\";i:1;}"],"houzez_recently_viewed":["2026-09-01 20:20:36"],"_elementor_global_class_usage_indexed":["1"],"_elementor_page_assets":["a:0:{}"]},"yoast_head":"<!-- This site is optimized with the Yoast SEO Premium plugin v27.6.1 (Yoast SEO v28.3) - https:\/\/yoast.com\/product\/yoast-seo-premium-wordpress\/ -->\n<title>SE ALQUILA HABITACI\u00d3N AMOBLADA EN SAN IGNACIO - rinconhouse<\/title>\n<meta name=\"robots\" content=\"index, follow, max-snippet:-1, max-image-preview:large, max-video-preview:-1\" \/>\n<link rel=\"canonical\" href=\"https:\/\/rinconhouse.com.ve\/es_es\/property\/se-alquila-habitacion-amoblada-en-san-ignacio-2\/\" \/>\n<meta property=\"og:locale\" content=\"es_ES\" \/>\n<meta property=\"og:type\" content=\"article\" \/>\n<meta property=\"og:title\" content=\"SE ALQUILA HABITACI\u00d3N AMOBLADA EN SAN IGNACIO\" \/>\n<meta property=\"og:description\" content=\"Habitaci\u00f3n amoblada en alquiler! se encuentra ubicada en San Ignacio Consta de 15 mtrs2 Cuenta con: Ba\u00f1o particular Closet Cama matrimonial Aire Acondicionado Cocina compartida Area de lavander\u00eda compartida 1 puesto para moto Negociaci\u00f3n 2 Meses de Dep\u00f3sito 1 Mes de Comisi\u00f3n. 80$ contrato Canon de arrendamiento 90$ persona sola Pareja 130$ Cont\u00e1ctame para m\u00e1s [&hellip;]\" \/>\n<meta property=\"og:url\" content=\"https:\/\/rinconhouse.com.ve\/es_es\/property\/se-alquila-habitacion-amoblada-en-san-ignacio-2\/\" \/>\n<meta property=\"og:site_name\" content=\"rinconhouse\" \/>\n<meta property=\"og:image\" content=\"https:\/\/rinconhouse.com.ve\/wp-content\/uploads\/2026\/07\/661612.png\" \/>\n\t<meta property=\"og:image:width\" content=\"1080\" \/>\n\t<meta property=\"og:image:height\" content=\"1080\" \/>\n\t<meta property=\"og:image:type\" content=\"image\/png\" \/>\n<meta name=\"twitter:card\" content=\"summary_large_image\" \/>\n<script type=\"application\/ld+json\" class=\"yoast-schema-graph\">{\"@context\":\"https:\\\/\\\/schema.org\",\"@graph\":[{\"@type\":\"WebPage\",\"@id\":\"https:\\\/\\\/rinconhouse.com.ve\\\/es_es\\\/property\\\/se-alquila-habitacion-amoblada-en-san-ignacio-2\\\/\",\"url\":\"https:\\\/\\\/rinconhouse.com.ve\\\/es_es\\\/property\\\/se-alquila-habitacion-amoblada-en-san-ignacio-2\\\/\",\"name\":\"SE ALQUILA HABITACI\u00d3N AMOBLADA EN SAN IGNACIO - rinconhouse\",\"isPartOf\":{\"@id\":\"https:\\\/\\\/rinconhouse.com.ve\\\/es_es\\\/#website\"},\"primaryImageOfPage\":{\"@id\":\"https:\\\/\\\/rinconhouse.com.ve\\\/es_es\\\/property\\\/se-alquila-habitacion-amoblada-en-san-ignacio-2\\\/#primaryimage\"},\"image\":{\"@id\":\"https:\\\/\\\/rinconhouse.com.ve\\\/es_es\\\/property\\\/se-alquila-habitacion-amoblada-en-san-ignacio-2\\\/#primaryimage\"},\"thumbnailUrl\":\"https:\\\/\\\/rinconhouse.com.ve\\\/wp-content\\\/uploads\\\/2026\\\/07\\\/661612.png\",\"datePublished\":\"2026-08-03T13:04:02+00:00\",\"breadcrumb\":{\"@id\":\"https:\\\/\\\/rinconhouse.com.ve\\\/es_es\\\/property\\\/se-alquila-habitacion-amoblada-en-san-ignacio-2\\\/#breadcrumb\"},\"inLanguage\":\"es\",\"potentialAction\":[{\"@type\":\"ReadAction\",\"target\":[\"https:\\\/\\\/rinconhouse.com.ve\\\/es_es\\\/property\\\/se-alquila-habitacion-amoblada-en-san-ignacio-2\\\/\"]}]},{\"@type\":\"ImageObject\",\"inLanguage\":\"es\",\"@id\":\"https:\\\/\\\/rinconhouse.com.ve\\\/es_es\\\/property\\\/se-alquila-habitacion-amoblada-en-san-ignacio-2\\\/#primaryimage\",\"url\":\"https:\\\/\\\/rinconhouse.com.ve\\\/wp-content\\\/uploads\\\/2026\\\/07\\\/661612.png\",\"contentUrl\":\"https:\\\/\\\/rinconhouse.com.ve\\\/wp-content\\\/uploads\\\/2026\\\/07\\\/661612.png\",\"width\":1080,\"height\":1080},{\"@type\":\"BreadcrumbList\",\"@id\":\"https:\\\/\\\/rinconhouse.com.ve\\\/es_es\\\/property\\\/se-alquila-habitacion-amoblada-en-san-ignacio-2\\\/#breadcrumb\",\"itemListElement\":[{\"@type\":\"ListItem\",\"position\":1,\"name\":\"Portada\",\"item\":\"https:\\\/\\\/rinconhouse.com.ve\\\/es_es\\\/\"},{\"@type\":\"ListItem\",\"position\":2,\"name\":\"Propiedades\",\"item\":\"https:\\\/\\\/rinconhouse.com.ve\\\/es_es\\\/property\\\/\"},{\"@type\":\"ListItem\",\"position\":3,\"name\":\"SE ALQUILA HABITACI\u00d3N AMOBLADA EN SAN IGNACIO\"}]},{\"@type\":\"WebSite\",\"@id\":\"https:\\\/\\\/rinconhouse.com.ve\\\/es_es\\\/#website\",\"url\":\"https:\\\/\\\/rinconhouse.com.ve\\\/es_es\\\/\",\"name\":\"rinconhouse\",\"description\":\"inmobiliaria en Maracay\",\"potentialAction\":[{\"@type\":\"SearchAction\",\"target\":{\"@type\":\"EntryPoint\",\"urlTemplate\":\"https:\\\/\\\/rinconhouse.com.ve\\\/es_es\\\/?s={search_term_string}\"},\"query-input\":{\"@type\":\"PropertyValueSpecification\",\"valueRequired\":true,\"valueName\":\"search_term_string\"}}],\"inLanguage\":\"es\"}]}<\/script>\n<!-- \/ Yoast SEO Premium plugin. -->","yoast_head_json":{"title":"SE ALQUILA HABITACI\u00d3N AMOBLADA EN SAN IGNACIO - rinconhouse","robots":{"index":"index","follow":"follow","max-snippet":"max-snippet:-1","max-image-preview":"max-image-preview:large","max-video-preview":"max-video-preview:-1"},"canonical":"https:\/\/rinconhouse.com.ve\/es_es\/property\/se-alquila-habitacion-amoblada-en-san-ignacio-2\/","og_locale":"es_ES","og_type":"article","og_title":"SE ALQUILA HABITACI\u00d3N AMOBLADA EN SAN IGNACIO","og_description":"Habitaci\u00f3n amoblada en alquiler! se encuentra ubicada en San Ignacio Consta de 15 mtrs2 Cuenta con: Ba\u00f1o particular Closet Cama matrimonial Aire Acondicionado Cocina compartida Area de lavander\u00eda compartida 1 puesto para moto Negociaci\u00f3n 2 Meses de Dep\u00f3sito 1 Mes de Comisi\u00f3n. 80$ contrato Canon de arrendamiento 90$ persona sola Pareja 130$ Cont\u00e1ctame para m\u00e1s [&hellip;]","og_url":"https:\/\/rinconhouse.com.ve\/es_es\/property\/se-alquila-habitacion-amoblada-en-san-ignacio-2\/","og_site_name":"rinconhouse","og_image":[{"width":1080,"height":1080,"url":"https:\/\/rinconhouse.com.ve\/wp-content\/uploads\/2026\/07\/661612.png","type":"image\/png"}],"twitter_card":"summary_large_image","schema":{"@context":"https:\/\/schema.org","@graph":[{"@type":"WebPage","@id":"https:\/\/rinconhouse.com.ve\/es_es\/property\/se-alquila-habitacion-amoblada-en-san-ignacio-2\/","url":"https:\/\/rinconhouse.com.ve\/es_es\/property\/se-alquila-habitacion-amoblada-en-san-ignacio-2\/","name":"SE ALQUILA HABITACI\u00d3N AMOBLADA EN SAN IGNACIO - rinconhouse","isPartOf":{"@id":"https:\/\/rinconhouse.com.ve\/es_es\/#website"},"primaryImageOfPage":{"@id":"https:\/\/rinconhouse.com.ve\/es_es\/property\/se-alquila-habitacion-amoblada-en-san-ignacio-2\/#primaryimage"},"image":{"@id":"https:\/\/rinconhouse.com.ve\/es_es\/property\/se-alquila-habitacion-amoblada-en-san-ignacio-2\/#primaryimage"},"thumbnailUrl":"https:\/\/rinconhouse.com.ve\/wp-content\/uploads\/2026\/07\/661612.png","datePublished":"2026-08-03T13:04:02+00:00","breadcrumb":{"@id":"https:\/\/rinconhouse.com.ve\/es_es\/property\/se-alquila-habitacion-amoblada-en-san-ignacio-2\/#breadcrumb"},"inLanguage":"es","potentialAction":[{"@type":"ReadAction","target":["https:\/\/rinconhouse.com.ve\/es_es\/property\/se-alquila-habitacion-amoblada-en-san-ignacio-2\/"]}]},{"@type":"ImageObject","inLanguage":"es","@id":"https:\/\/rinconhouse.com.ve\/es_es\/property\/se-alquila-habitacion-amoblada-en-san-ignacio-2\/#primaryimage","url":"https:\/\/rinconhouse.com.ve\/wp-content\/uploads\/2026\/07\/661612.png","contentUrl":"https:\/\/rinconhouse.com.ve\/wp-content\/uploads\/2026\/07\/661612.png","width":1080,"height":1080},{"@type":"BreadcrumbList","@id":"https:\/\/rinconhouse.com.ve\/es_es\/property\/se-alquila-habitacion-amoblada-en-san-ignacio-2\/#breadcrumb","itemListElement":[{"@type":"ListItem","position":1,"name":"Portada","item":"https:\/\/rinconhouse.com.ve\/es_es\/"},{"@type":"ListItem","position":2,"name":"Propiedades","item":"https:\/\/rinconhouse.com.ve\/es_es\/property\/"},{"@type":"ListItem","position":3,"name":"SE ALQUILA HABITACI\u00d3N AMOBLADA EN SAN IGNACIO"}]},{"@type":"WebSite","@id":"https:\/\/rinconhouse.com.ve\/es_es\/#website","url":"https:\/\/rinconhouse.com.ve\/es_es\/","name":"rinconhouse","description":"inmobiliaria en Maracay","potentialAction":[{"@type":"SearchAction","target":{"@type":"EntryPoint","urlTemplate":"https:\/\/rinconhouse.com.ve\/es_es\/?s={search_term_string}"},"query-input":{"@type":"PropertyValueSpecification","valueRequired":true,"valueName":"search_term_string"}}],"inLanguage":"es"}]}},"_links":{"self":[{"href":"https:\/\/rinconhouse.com.ve\/es_es\/wp-json\/wp\/v2\/Propiedades\/22067","targetHints":{"allow":["GET"]}}],"collection":[{"href":"https:\/\/rinconhouse.com.ve\/es_es\/wp-json\/wp\/v2\/Propiedades"}],"about":[{"href":"https:\/\/rinconhouse.com.ve\/es_es\/wp-json\/wp\/v2\/types\/property"}],"author":[{"embeddable":true,"href":"https:\/\/rinconhouse.com.ve\/es_es\/wp-json\/wp\/v2\/users\/17"}],"version-history":[{"count":1,"href":"https:\/\/rinconhouse.com.ve\/es_es\/wp-json\/wp\/v2\/Propiedades\/22067\/revisions"}],"predecessor-version":[{"id":22142,"href":"https:\/\/rinconhouse.com.ve\/es_es\/wp-json\/wp\/v2\/Propiedades\/22067\/revisions\/22142"}],"wp:featuredmedia":[{"embeddable":true,"href":"https:\/\/rinconhouse.com.ve\/es_es\/wp-json\/wp\/v2\/media\/22058"}],"wp:attachment":[{"href":"https:\/\/rinconhouse.com.ve\/es_es\/wp-json\/wp\/v2\/media?parent=22067"}],"wp:term":[{"taxonomy":"property_type","embeddable":true,"href":"https:\/\/rinconhouse.com.ve\/es_es\/wp-json\/wp\/v2\/property_type?post=22067"},{"taxonomy":"property_status","embeddable":true,"href":"https:\/\/rinconhouse.com.ve\/es_es\/wp-json\/wp\/v2\/property_status?post=22067"},{"taxonomy":"property_feature","embeddable":true,"href":"https:\/\/rinconhouse.com.ve\/es_es\/wp-json\/wp\/v2\/property_feature?post=22067"},{"taxonomy":"property_label","embeddable":true,"href":"https:\/\/rinconhouse.com.ve\/es_es\/wp-json\/wp\/v2\/property_label?post=22067"},{"taxonomy":"property_country","embeddable":true,"href":"https:\/\/rinconhouse.com.ve\/es_es\/wp-json\/wp\/v2\/property_country?post=22067"},{"taxonomy":"property_state","embeddable":true,"href":"https:\/\/rinconhouse.com.ve\/es_es\/wp-json\/wp\/v2\/property_state?post=22067"},{"taxonomy":"property_city","embeddable":true,"href":"https:\/\/rinconhouse.com.ve\/es_es\/wp-json\/wp\/v2\/property_city?post=22067"},{"taxonomy":"property_area","embeddable":true,"href":"https:\/\/rinconhouse.com.ve\/es_es\/wp-json\/wp\/v2\/property_area?post=22067"}],"curies":[{"name":"wp","href":"https:\/\/api.w.org\/{rel}","templated":true}]}}