{"id":21663,"date":"2026-07-06T10:39:32","date_gmt":"2026-07-06T14:39:32","guid":{"rendered":"https:\/\/rinconhouse.com.ve\/es_es\/?post_type=property&#038;p=21663"},"modified":"2026-07-06T10:39:32","modified_gmt":"2026-07-06T14:39:32","slug":"se-alquila-habitacion-amoblada-en-el-sector-de-san-ignacio","status":"publish","type":"property","link":"https:\/\/rinconhouse.com.ve\/es_es\/property\/se-alquila-habitacion-amoblada-en-el-sector-de-san-ignacio\/","title":{"rendered":"SE ALQUILA HABITACI\u00d3N AMOBLADA EN EL SECTOR DE SAN IGNACIO"},"content":{"rendered":"<p>&lt;span;&gt;Habitaci\u00f3n amoblada en alquiler! se encuentra ubicada en San Ignacio<\/p>\n<p>&lt;span;&gt;Consta de 15 mtrs2<\/p>\n<p>&lt;span;&gt;Cuenta con:<br \/>\n&lt;span;&gt;Ba\u00f1o particular<br \/>\n&lt;span;&gt;Closet<br \/>\n&lt;span;&gt;Cama matrimonial<br \/>\n&lt;span;&gt;Aire Acondicionado<br \/>\n&lt;span;&gt;Nevera<\/p>\n<p>&lt;span;&gt;Negociaci\u00f3n<\/p>\n<p>&lt;span;&gt;2 Meses de Dep\u00f3sito<\/p>\n<p>&lt;span;&gt;1 Mes de Comisi\u00f3n.<br \/>\n&lt;span;&gt;80$ contrato<\/p>\n<p>&lt;span;&gt;Canon de arrendamiento 90$ persona sola<br \/>\n&lt;span;&gt;Pareja 130$<\/p>\n<p>&lt;span;&gt;Cont\u00e1ctame para m\u00e1s informaci\u00f3n y agendar tu visita.<!--\/data\/user\/0\/com.samsung.android.app.notes\/files\/clipdata\/clipdata_bodytext_260706_083144_122.sdocx--><\/p>\n","protected":false},"excerpt":{"rendered":"<p>&lt;span;&gt;Habitaci\u00f3n amoblada en alquiler! se encuentra ubicada en San Ignacio &lt;span;&gt;Consta de 15 mtrs2 &lt;span;&gt;Cuenta con: &lt;span;&gt;Ba\u00f1o particular &lt;span;&gt;Closet &lt;span;&gt;Cama matrimonial &lt;span;&gt;Aire Acondicionado &lt;span;&gt;Nevera &lt;span;&gt;Negociaci\u00f3n &lt;span;&gt;2 Meses de Dep\u00f3sito &lt;span;&gt;1 Mes de Comisi\u00f3n. &lt;span;&gt;80$ contrato &lt;span;&gt;Canon de arrendamiento 90$ persona sola &lt;span;&gt;Pareja 130$ &lt;span;&gt;Cont\u00e1ctame para m\u00e1s informaci\u00f3n y agendar tu visita.<\/p>\n","protected":false},"author":17,"featured_media":21653,"parent":0,"menu_order":0,"template":"","property_type":[138],"property_status":[31],"property_feature":[13,37,18,116,104,121,120,105,38,119,112,33,28,55,103,52,106,109,108],"property_label":[101],"property_country":[66],"property_state":[91],"property_city":[25],"property_area":[],"class_list":["post-21663","property","type-property","status-publish","has-post-thumbnail","hentry","property_type-habitacion","property_status-alquiler","property_feature-aire-acondicionado","property_feature-area-de-lavanderia","property_feature-area-de-parrillera","property_feature-balcon","property_feature-cancha-deportiva","property_feature-centro-de-salud","property_feature-centros-comerciales","property_feature-circuito-cerrado","property_feature-cocina","property_feature-escuelas-cercanas","property_feature-estacionamiento-para-visitantes","property_feature-gimnasio","property_feature-lavandero","property_feature-nevera","property_feature-parque-infantil","property_feature-patio","property_feature-porche","property_feature-tanque-aereo","property_feature-tanque-subterraneo","property_label-habitable","property_country-venezuela","property_state-municipio-girardot","property_city-maracay"],"property_meta":{"fave_property_bathrooms":["1"],"fave_property_bedrooms":["1"],"fave_property_size":["20"],"fave_property_land":["20"],"fave_property_garage":["1"],"fave_property_year":["20"],"fave_property_price":["90"],"fave_property_price_placeholder":[""],"fave_property_price_postfix":["130"],"fave_show_price_placeholder":["0"],"additional_features":[""],"floor_plans":[""],"fave_multi_units":[""],"fave_featured":["0"],"houzez_featured_listing_date":[""],"fave_video_url":[""],"fave_property_images":["21653","21654","21655","21656","21657","21658","21659","21660","21661","21662"],"_thumbnail_id":["21653"],"fave_property_zip":["2103"],"fave_property_map_address":["Avenida San Ignacio, Fundaci\u00f3n Mendoza, Campo Alegre, Maracay, Parroquia Jos\u00e9 Casanova Godoy, Municipio Girardot, Estado Aragua, 2103, Venezuela"],"fave_property_address":["Avenida San Ignacio, Fundaci\u00f3n Mendoza, Campo Alegre, Maracay, Parroquia Jos\u00e9 Casanova Godoy, Municipio Girardot, Estado Aragua, 2103, Venezuela"],"houzez_geolocation_lat":["10.2368917"],"houzez_geolocation_long":["-67.5990336"],"fave_property_location":["10.2368917,-67.5990336"],"fave_property_map":["1"],"fave_property_map_street_view":[null],"fave_property_id":[""],"fave_private_note":[""],"fave_payment_status":["not_paid"],"fave_agent_display_option":["agent_info"],"fave_agents":["18587"],"fave_mortgage_cal":["0"],"_yoast_indexnow_last_ping":["1783348774"],"houzez_total_property_views":["39"],"houzez_views_by_date":["a:16:{s:10:\"07-06-2026\";i:9;s:10:\"07-07-2026\";i:2;s:10:\"07-11-2026\";i:7;s:10:\"07-12-2026\";i:1;s:10:\"07-16-2026\";i:1;s:10:\"07-17-2026\";i:2;s:10:\"07-21-2026\";i:4;s:10:\"07-25-2026\";i:1;s:10:\"07-28-2026\";i:1;s:10:\"08-02-2026\";i:1;s:10:\"08-04-2026\";i:3;s:10:\"08-11-2026\";i:1;s:10:\"08-12-2026\";i:1;s:10:\"08-26-2026\";i:3;s:10:\"09-01-2026\";i:1;s:10:\"09-02-2026\";i:1;}"],"houzez_recently_viewed":["2026-09-01 20:16:17"],"_elementor_global_class_usage_indexed":["1"],"_elementor_page_assets":["a:0:{}"]},"yoast_head":"<!-- This site is optimized with the Yoast SEO Premium plugin v27.6.1 (Yoast SEO v28.3) - https:\/\/yoast.com\/product\/yoast-seo-premium-wordpress\/ -->\n<title>SE ALQUILA HABITACI\u00d3N AMOBLADA EN EL SECTOR DE SAN IGNACIO - rinconhouse<\/title>\n<meta name=\"robots\" content=\"index, follow, max-snippet:-1, max-image-preview:large, max-video-preview:-1\" \/>\n<link rel=\"canonical\" href=\"https:\/\/rinconhouse.com.ve\/es_es\/property\/se-alquila-habitacion-amoblada-en-el-sector-de-san-ignacio\/\" \/>\n<meta property=\"og:locale\" content=\"es_ES\" \/>\n<meta property=\"og:type\" content=\"article\" \/>\n<meta property=\"og:title\" content=\"SE ALQUILA HABITACI\u00d3N AMOBLADA EN EL SECTOR DE SAN IGNACIO\" \/>\n<meta property=\"og:description\" content=\"&lt;span;&gt;Habitaci\u00f3n amoblada en alquiler! se encuentra ubicada en San Ignacio &lt;span;&gt;Consta de 15 mtrs2 &lt;span;&gt;Cuenta con: &lt;span;&gt;Ba\u00f1o particular &lt;span;&gt;Closet &lt;span;&gt;Cama matrimonial &lt;span;&gt;Aire Acondicionado &lt;span;&gt;Nevera &lt;span;&gt;Negociaci\u00f3n &lt;span;&gt;2 Meses de Dep\u00f3sito &lt;span;&gt;1 Mes de Comisi\u00f3n. &lt;span;&gt;80$ contrato &lt;span;&gt;Canon de arrendamiento 90$ persona sola &lt;span;&gt;Pareja 130$ &lt;span;&gt;Cont\u00e1ctame para m\u00e1s informaci\u00f3n y agendar tu visita.\" \/>\n<meta property=\"og:url\" content=\"https:\/\/rinconhouse.com.ve\/es_es\/property\/se-alquila-habitacion-amoblada-en-el-sector-de-san-ignacio\/\" \/>\n<meta property=\"og:site_name\" content=\"rinconhouse\" \/>\n<meta property=\"og:image\" content=\"https:\/\/rinconhouse.com.ve\/wp-content\/uploads\/2026\/07\/561112.jpg\" \/>\n\t<meta property=\"og:image:width\" content=\"1080\" \/>\n\t<meta property=\"og:image:height\" content=\"1080\" \/>\n\t<meta property=\"og:image:type\" content=\"image\/jpeg\" \/>\n<meta name=\"twitter:card\" content=\"summary_large_image\" \/>\n<script type=\"application\/ld+json\" class=\"yoast-schema-graph\">{\"@context\":\"https:\\\/\\\/schema.org\",\"@graph\":[{\"@type\":\"WebPage\",\"@id\":\"https:\\\/\\\/rinconhouse.com.ve\\\/es_es\\\/property\\\/se-alquila-habitacion-amoblada-en-el-sector-de-san-ignacio\\\/\",\"url\":\"https:\\\/\\\/rinconhouse.com.ve\\\/es_es\\\/property\\\/se-alquila-habitacion-amoblada-en-el-sector-de-san-ignacio\\\/\",\"name\":\"SE ALQUILA HABITACI\u00d3N AMOBLADA EN EL SECTOR DE SAN IGNACIO - rinconhouse\",\"isPartOf\":{\"@id\":\"https:\\\/\\\/rinconhouse.com.ve\\\/es_es\\\/#website\"},\"primaryImageOfPage\":{\"@id\":\"https:\\\/\\\/rinconhouse.com.ve\\\/es_es\\\/property\\\/se-alquila-habitacion-amoblada-en-el-sector-de-san-ignacio\\\/#primaryimage\"},\"image\":{\"@id\":\"https:\\\/\\\/rinconhouse.com.ve\\\/es_es\\\/property\\\/se-alquila-habitacion-amoblada-en-el-sector-de-san-ignacio\\\/#primaryimage\"},\"thumbnailUrl\":\"https:\\\/\\\/rinconhouse.com.ve\\\/wp-content\\\/uploads\\\/2026\\\/07\\\/561112.jpg\",\"datePublished\":\"2026-07-06T14:39:32+00:00\",\"breadcrumb\":{\"@id\":\"https:\\\/\\\/rinconhouse.com.ve\\\/es_es\\\/property\\\/se-alquila-habitacion-amoblada-en-el-sector-de-san-ignacio\\\/#breadcrumb\"},\"inLanguage\":\"es\",\"potentialAction\":[{\"@type\":\"ReadAction\",\"target\":[\"https:\\\/\\\/rinconhouse.com.ve\\\/es_es\\\/property\\\/se-alquila-habitacion-amoblada-en-el-sector-de-san-ignacio\\\/\"]}]},{\"@type\":\"ImageObject\",\"inLanguage\":\"es\",\"@id\":\"https:\\\/\\\/rinconhouse.com.ve\\\/es_es\\\/property\\\/se-alquila-habitacion-amoblada-en-el-sector-de-san-ignacio\\\/#primaryimage\",\"url\":\"https:\\\/\\\/rinconhouse.com.ve\\\/wp-content\\\/uploads\\\/2026\\\/07\\\/561112.jpg\",\"contentUrl\":\"https:\\\/\\\/rinconhouse.com.ve\\\/wp-content\\\/uploads\\\/2026\\\/07\\\/561112.jpg\",\"width\":1080,\"height\":1080},{\"@type\":\"BreadcrumbList\",\"@id\":\"https:\\\/\\\/rinconhouse.com.ve\\\/es_es\\\/property\\\/se-alquila-habitacion-amoblada-en-el-sector-de-san-ignacio\\\/#breadcrumb\",\"itemListElement\":[{\"@type\":\"ListItem\",\"position\":1,\"name\":\"Portada\",\"item\":\"https:\\\/\\\/rinconhouse.com.ve\\\/es_es\\\/\"},{\"@type\":\"ListItem\",\"position\":2,\"name\":\"Propiedades\",\"item\":\"https:\\\/\\\/rinconhouse.com.ve\\\/es_es\\\/property\\\/\"},{\"@type\":\"ListItem\",\"position\":3,\"name\":\"SE ALQUILA HABITACI\u00d3N AMOBLADA EN EL SECTOR DE SAN IGNACIO\"}]},{\"@type\":\"WebSite\",\"@id\":\"https:\\\/\\\/rinconhouse.com.ve\\\/es_es\\\/#website\",\"url\":\"https:\\\/\\\/rinconhouse.com.ve\\\/es_es\\\/\",\"name\":\"rinconhouse\",\"description\":\"inmobiliaria en Maracay\",\"potentialAction\":[{\"@type\":\"SearchAction\",\"target\":{\"@type\":\"EntryPoint\",\"urlTemplate\":\"https:\\\/\\\/rinconhouse.com.ve\\\/es_es\\\/?s={search_term_string}\"},\"query-input\":{\"@type\":\"PropertyValueSpecification\",\"valueRequired\":true,\"valueName\":\"search_term_string\"}}],\"inLanguage\":\"es\"}]}<\/script>\n<!-- \/ Yoast SEO Premium plugin. -->","yoast_head_json":{"title":"SE ALQUILA HABITACI\u00d3N AMOBLADA EN EL SECTOR DE SAN IGNACIO - rinconhouse","robots":{"index":"index","follow":"follow","max-snippet":"max-snippet:-1","max-image-preview":"max-image-preview:large","max-video-preview":"max-video-preview:-1"},"canonical":"https:\/\/rinconhouse.com.ve\/es_es\/property\/se-alquila-habitacion-amoblada-en-el-sector-de-san-ignacio\/","og_locale":"es_ES","og_type":"article","og_title":"SE ALQUILA HABITACI\u00d3N AMOBLADA EN EL SECTOR DE SAN IGNACIO","og_description":"&lt;span;&gt;Habitaci\u00f3n amoblada en alquiler! se encuentra ubicada en San Ignacio &lt;span;&gt;Consta de 15 mtrs2 &lt;span;&gt;Cuenta con: &lt;span;&gt;Ba\u00f1o particular &lt;span;&gt;Closet &lt;span;&gt;Cama matrimonial &lt;span;&gt;Aire Acondicionado &lt;span;&gt;Nevera &lt;span;&gt;Negociaci\u00f3n &lt;span;&gt;2 Meses de Dep\u00f3sito &lt;span;&gt;1 Mes de Comisi\u00f3n. &lt;span;&gt;80$ contrato &lt;span;&gt;Canon de arrendamiento 90$ persona sola &lt;span;&gt;Pareja 130$ &lt;span;&gt;Cont\u00e1ctame para m\u00e1s informaci\u00f3n y agendar tu visita.","og_url":"https:\/\/rinconhouse.com.ve\/es_es\/property\/se-alquila-habitacion-amoblada-en-el-sector-de-san-ignacio\/","og_site_name":"rinconhouse","og_image":[{"width":1080,"height":1080,"url":"https:\/\/rinconhouse.com.ve\/wp-content\/uploads\/2026\/07\/561112.jpg","type":"image\/jpeg"}],"twitter_card":"summary_large_image","schema":{"@context":"https:\/\/schema.org","@graph":[{"@type":"WebPage","@id":"https:\/\/rinconhouse.com.ve\/es_es\/property\/se-alquila-habitacion-amoblada-en-el-sector-de-san-ignacio\/","url":"https:\/\/rinconhouse.com.ve\/es_es\/property\/se-alquila-habitacion-amoblada-en-el-sector-de-san-ignacio\/","name":"SE ALQUILA HABITACI\u00d3N AMOBLADA EN EL SECTOR DE SAN IGNACIO - rinconhouse","isPartOf":{"@id":"https:\/\/rinconhouse.com.ve\/es_es\/#website"},"primaryImageOfPage":{"@id":"https:\/\/rinconhouse.com.ve\/es_es\/property\/se-alquila-habitacion-amoblada-en-el-sector-de-san-ignacio\/#primaryimage"},"image":{"@id":"https:\/\/rinconhouse.com.ve\/es_es\/property\/se-alquila-habitacion-amoblada-en-el-sector-de-san-ignacio\/#primaryimage"},"thumbnailUrl":"https:\/\/rinconhouse.com.ve\/wp-content\/uploads\/2026\/07\/561112.jpg","datePublished":"2026-07-06T14:39:32+00:00","breadcrumb":{"@id":"https:\/\/rinconhouse.com.ve\/es_es\/property\/se-alquila-habitacion-amoblada-en-el-sector-de-san-ignacio\/#breadcrumb"},"inLanguage":"es","potentialAction":[{"@type":"ReadAction","target":["https:\/\/rinconhouse.com.ve\/es_es\/property\/se-alquila-habitacion-amoblada-en-el-sector-de-san-ignacio\/"]}]},{"@type":"ImageObject","inLanguage":"es","@id":"https:\/\/rinconhouse.com.ve\/es_es\/property\/se-alquila-habitacion-amoblada-en-el-sector-de-san-ignacio\/#primaryimage","url":"https:\/\/rinconhouse.com.ve\/wp-content\/uploads\/2026\/07\/561112.jpg","contentUrl":"https:\/\/rinconhouse.com.ve\/wp-content\/uploads\/2026\/07\/561112.jpg","width":1080,"height":1080},{"@type":"BreadcrumbList","@id":"https:\/\/rinconhouse.com.ve\/es_es\/property\/se-alquila-habitacion-amoblada-en-el-sector-de-san-ignacio\/#breadcrumb","itemListElement":[{"@type":"ListItem","position":1,"name":"Portada","item":"https:\/\/rinconhouse.com.ve\/es_es\/"},{"@type":"ListItem","position":2,"name":"Propiedades","item":"https:\/\/rinconhouse.com.ve\/es_es\/property\/"},{"@type":"ListItem","position":3,"name":"SE ALQUILA HABITACI\u00d3N AMOBLADA EN EL SECTOR DE SAN IGNACIO"}]},{"@type":"WebSite","@id":"https:\/\/rinconhouse.com.ve\/es_es\/#website","url":"https:\/\/rinconhouse.com.ve\/es_es\/","name":"rinconhouse","description":"inmobiliaria en Maracay","potentialAction":[{"@type":"SearchAction","target":{"@type":"EntryPoint","urlTemplate":"https:\/\/rinconhouse.com.ve\/es_es\/?s={search_term_string}"},"query-input":{"@type":"PropertyValueSpecification","valueRequired":true,"valueName":"search_term_string"}}],"inLanguage":"es"}]}},"_links":{"self":[{"href":"https:\/\/rinconhouse.com.ve\/es_es\/wp-json\/wp\/v2\/Propiedades\/21663","targetHints":{"allow":["GET"]}}],"collection":[{"href":"https:\/\/rinconhouse.com.ve\/es_es\/wp-json\/wp\/v2\/Propiedades"}],"about":[{"href":"https:\/\/rinconhouse.com.ve\/es_es\/wp-json\/wp\/v2\/types\/property"}],"author":[{"embeddable":true,"href":"https:\/\/rinconhouse.com.ve\/es_es\/wp-json\/wp\/v2\/users\/17"}],"version-history":[{"count":1,"href":"https:\/\/rinconhouse.com.ve\/es_es\/wp-json\/wp\/v2\/Propiedades\/21663\/revisions"}],"predecessor-version":[{"id":21676,"href":"https:\/\/rinconhouse.com.ve\/es_es\/wp-json\/wp\/v2\/Propiedades\/21663\/revisions\/21676"}],"wp:featuredmedia":[{"embeddable":true,"href":"https:\/\/rinconhouse.com.ve\/es_es\/wp-json\/wp\/v2\/media\/21653"}],"wp:attachment":[{"href":"https:\/\/rinconhouse.com.ve\/es_es\/wp-json\/wp\/v2\/media?parent=21663"}],"wp:term":[{"taxonomy":"property_type","embeddable":true,"href":"https:\/\/rinconhouse.com.ve\/es_es\/wp-json\/wp\/v2\/property_type?post=21663"},{"taxonomy":"property_status","embeddable":true,"href":"https:\/\/rinconhouse.com.ve\/es_es\/wp-json\/wp\/v2\/property_status?post=21663"},{"taxonomy":"property_feature","embeddable":true,"href":"https:\/\/rinconhouse.com.ve\/es_es\/wp-json\/wp\/v2\/property_feature?post=21663"},{"taxonomy":"property_label","embeddable":true,"href":"https:\/\/rinconhouse.com.ve\/es_es\/wp-json\/wp\/v2\/property_label?post=21663"},{"taxonomy":"property_country","embeddable":true,"href":"https:\/\/rinconhouse.com.ve\/es_es\/wp-json\/wp\/v2\/property_country?post=21663"},{"taxonomy":"property_state","embeddable":true,"href":"https:\/\/rinconhouse.com.ve\/es_es\/wp-json\/wp\/v2\/property_state?post=21663"},{"taxonomy":"property_city","embeddable":true,"href":"https:\/\/rinconhouse.com.ve\/es_es\/wp-json\/wp\/v2\/property_city?post=21663"},{"taxonomy":"property_area","embeddable":true,"href":"https:\/\/rinconhouse.com.ve\/es_es\/wp-json\/wp\/v2\/property_area?post=21663"}],"curies":[{"name":"wp","href":"https:\/\/api.w.org\/{rel}","templated":true}]}}